{"id":8069,"date":"2022-08-22T16:07:22","date_gmt":"2022-08-22T14:07:22","guid":{"rendered":"https:\/\/juvigo.es\/revista\/?page_id=8069"},"modified":"2024-04-04T15:30:10","modified_gmt":"2024-04-04T13:30:10","slug":"contacto-de-prensa","status":"publish","type":"page","link":"https:\/\/juvigo.es\/revista\/contacto-de-prensa\/","title":{"rendered":"Contacto de prensa"},"content":{"rendered":"\n<p><\/p>\n\n\n<div class=\"wp-block-image is-resized is-style-rounded\">\n<figure class=\"alignleft size-full advgb-dyn-92a22b72\"><img decoding=\"async\" width=\"389\" height=\"389\" data-src=\"https:\/\/juvigo.es\/revista\/wp-content\/uploads\/2024\/04\/1710762409580.jpeg\" alt=\"\" class=\"wp-image-8543 lazyload\" style=\"--smush-placeholder-width: 389px; --smush-placeholder-aspect-ratio: 389\/389;aspect-ratio:1;width:327px;height:auto\" data-srcset=\"https:\/\/juvigo.es\/revista\/wp-content\/uploads\/2024\/04\/1710762409580.jpeg 389w, https:\/\/juvigo.es\/revista\/wp-content\/uploads\/2024\/04\/1710762409580-300x300.jpeg 300w, https:\/\/juvigo.es\/revista\/wp-content\/uploads\/2024\/04\/1710762409580-150x150.jpeg 150w, https:\/\/juvigo.es\/revista\/wp-content\/uploads\/2024\/04\/1710762409580-278x278.jpeg 278w, https:\/\/juvigo.es\/revista\/wp-content\/uploads\/2024\/04\/1710762409580-247x247.jpeg 247w\" data-sizes=\"(max-width: 389px) 100vw, 389px\" src=\"data:image\/svg+xml;base64,PHN2ZyB3aWR0aD0iMSIgaGVpZ2h0PSIxIiB4bWxucz0iaHR0cDovL3d3dy53My5vcmcvMjAwMC9zdmciPjwvc3ZnPg==\" \/><\/figure><\/div>\n\n\n<p>Como coordinadora creativa de la Revista Digital, Julia mueve los hilos en todo lo referente a la comunicaci\u00f3n, relaciones p\u00fablicas y prensa de Juvigo Espa\u00f1a. Cuando los periodistas se ponen en contacto con Juvigo, ella es la voz amable y brillante que respalda al equipo, \u00a1y lo hace con convicci\u00f3n!<\/p>\n\n\n\n<p><\/p>\n\n\n\n<p>La participaci\u00f3n en campamentos de verano es de los mejores recuerdos que tiene de su infancia y adolescencia. Es por ello que cree que Juvigo es el canal perfecto y una gran oportunidad para promover este tipo de actividades y experiencias entre los j\u00f3venes durante sus vacaciones.<\/p>\n\n\n\n<p><\/p>\n\n\n\n<p><\/p>\n\n\n\n<p><\/p>\n\n\n\n<p><\/p>\n\n\n\n<p>Si tienes alguna pregunta o propuesta, no dudes en ponerte en contacto con Julia Le\u00f3n, \u00a1estar\u00e1 encantada de ayudarte! Puedes contactarle a trav\u00e9s del correo electr\u00f3nico <a href=\"mailto:julialh@juvigo.es\">julialh@juvigo.es<\/a> o llamando al 911 238 208.<\/p>\n\n\n\n<hr class=\"wp-block-separator has-alpha-channel-opacity\"\/>\n\n\n\n<h3 class=\"wp-block-heading advgb-dyn-4c05c89c\">Media kit<\/h3>\n\n\n\n<p>Aqu\u00ed puedes descargarte el media kit de Juvigo, que incluye todos los datos importantes sobre la empresa, as\u00ed como una galer\u00eda de im\u00e1genes relacionadas y la identidad visual corporativa.<\/p>\n\n\n\n<div class=\"wp-block-advgb-button alignnone ticss-72181518 is-style-outlined advgb-dyn-777319f8\"><a class=\"wp-block-advgb-button_link advgbbtn-77d1f760-5556-4c2f-9bb1-eaed572511bb\" href=\"https:\/\/juvigo.es\/revista\/Media_Kit_Espana_Juvigo.zip\" target=\"_blank\" rel=\"noopener noreferrer\"><span>Descarga media kit de Juvigo<\/span><\/a><\/div>\n<style class=\"advgb-styles-renderer\">.advgbbtn-77d1f760-5556-4c2f-9bb1-eaed572511bb{font-size:15px;color:#f99420 !important;background-color:#ffffff !important;margin:0px 0px 0px 0px !important;padding:10px 30px 10px 30px;border-width:1px !important;border-color:#f99420 !important;border-style:dashed !important;border-radius:40px !important;}.advgbbtn-77d1f760-5556-4c2f-9bb1-eaed572511bb:hover{color:#f99420 !important;background-color:#ffffff !important;box-shadow:1px 1px 12px 0px #f99420;opacity:1;transition:all 0.697s ease;}.advgbbtn-77d1f760-5556-4c2f-9bb1-eaed572511bb > i {display: none !important;}<\/style>","protected":false},"excerpt":{"rendered":"<p>Como coordinadora creativa de la Revista Digital, Julia mueve los hilos en todo lo referente a la comunicaci\u00f3n, relaciones p\u00fablicas y prensa de Juvigo Espa\u00f1a. Cuando los periodistas se ponen en contacto con Juvigo, ella es la voz amable y brillante que respalda al equipo, \u00a1y lo hace con convicci\u00f3n! La participaci\u00f3n en campamentos de [&hellip;]<\/p>\n","protected":false},"author":26,"featured_media":0,"parent":0,"menu_order":0,"comment_status":"closed","ping_status":"closed","template":"","meta":{"advgb_blocks_editor_width":"","advgb_blocks_columns_visual_guide":"","footnotes":"","_links_to":"","_links_to_target":""},"categories":[],"tags":[],"class_list":["post-8069","page","type-page","status-publish","hentry"],"yoast_head":"<!-- This site is optimized with the Yoast SEO plugin v25.8 - https:\/\/yoast.com\/wordpress\/plugins\/seo\/ -->\n<title>Contacto de prensa - Revista Juvigo<\/title>\n<meta name=\"description\" content=\"Encuentra informaci\u00f3n pr\u00e1ctica sobre nuestro contacto de prensa que estar\u00e1 disponible para responder a tus preguntas.\" \/>\n<meta name=\"robots\" content=\"index, follow, max-snippet:-1, max-image-preview:large, max-video-preview:-1\" \/>\n<link rel=\"canonical\" href=\"https:\/\/juvigo.es\/revista\/contacto-de-prensa\/\" \/>\n<meta property=\"og:locale\" content=\"es_ES\" \/>\n<meta property=\"og:type\" content=\"article\" \/>\n<meta property=\"og:title\" content=\"Contacto de prensa - Revista Juvigo\" \/>\n<meta property=\"og:description\" content=\"Encuentra informaci\u00f3n pr\u00e1ctica sobre nuestro contacto de prensa que estar\u00e1 disponible para responder a tus preguntas.\" \/>\n<meta property=\"og:url\" content=\"https:\/\/juvigo.es\/revista\/contacto-de-prensa\/\" \/>\n<meta property=\"og:site_name\" content=\"Revista Juvigo\" \/>\n<meta property=\"article:publisher\" content=\"https:\/\/de-de.facebook.com\/meinjuvigo\" \/>\n<meta property=\"article:modified_time\" content=\"2024-04-04T13:30:10+00:00\" \/>\n<meta property=\"og:image\" content=\"https:\/\/juvigo.es\/revista\/wp-content\/uploads\/2024\/04\/1710762409580.jpeg\" \/>\n<meta name=\"twitter:card\" content=\"summary_large_image\" \/>\n<meta name=\"twitter:site\" content=\"@meinjuvigo\" \/>\n<meta name=\"twitter:label1\" content=\"Tiempo de lectura\" \/>\n\t<meta name=\"twitter:data1\" content=\"1 minuto\" \/>\n<script type=\"application\/ld+json\" class=\"yoast-schema-graph\">{\"@context\":\"https:\/\/schema.org\",\"@graph\":[{\"@type\":\"WebPage\",\"@id\":\"https:\/\/juvigo.es\/revista\/contacto-de-prensa\/\",\"url\":\"https:\/\/juvigo.es\/revista\/contacto-de-prensa\/\",\"name\":\"Contacto de prensa - Revista Juvigo\",\"isPartOf\":{\"@id\":\"https:\/\/juvigo.es\/revista\/#website\"},\"primaryImageOfPage\":{\"@id\":\"https:\/\/juvigo.es\/revista\/contacto-de-prensa\/#primaryimage\"},\"image\":{\"@id\":\"https:\/\/juvigo.es\/revista\/contacto-de-prensa\/#primaryimage\"},\"thumbnailUrl\":\"https:\/\/juvigo.es\/revista\/wp-content\/uploads\/2024\/04\/1710762409580.jpeg\",\"datePublished\":\"2022-08-22T14:07:22+00:00\",\"dateModified\":\"2024-04-04T13:30:10+00:00\",\"description\":\"Encuentra informaci\u00f3n pr\u00e1ctica sobre nuestro contacto de prensa que estar\u00e1 disponible para responder a tus preguntas.\",\"breadcrumb\":{\"@id\":\"https:\/\/juvigo.es\/revista\/contacto-de-prensa\/#breadcrumb\"},\"inLanguage\":\"es\",\"potentialAction\":[{\"@type\":\"ReadAction\",\"target\":[\"https:\/\/juvigo.es\/revista\/contacto-de-prensa\/\"]}]},{\"@type\":\"ImageObject\",\"inLanguage\":\"es\",\"@id\":\"https:\/\/juvigo.es\/revista\/contacto-de-prensa\/#primaryimage\",\"url\":\"https:\/\/juvigo.es\/revista\/wp-content\/uploads\/2024\/04\/1710762409580.jpeg\",\"contentUrl\":\"https:\/\/juvigo.es\/revista\/wp-content\/uploads\/2024\/04\/1710762409580.jpeg\",\"width\":389,\"height\":389},{\"@type\":\"BreadcrumbList\",\"@id\":\"https:\/\/juvigo.es\/revista\/contacto-de-prensa\/#breadcrumb\",\"itemListElement\":[{\"@type\":\"ListItem\",\"position\":1,\"name\":\"Revista Juvigo\",\"item\":\"https:\/\/juvigo.es\/revista\/\"},{\"@type\":\"ListItem\",\"position\":2,\"name\":\"Contacto de prensa\"}]},{\"@type\":\"WebSite\",\"@id\":\"https:\/\/juvigo.es\/revista\/#website\",\"url\":\"https:\/\/juvigo.es\/revista\/\",\"name\":\"Revista Juvigo\",\"description\":\"Tu revista digital de campamentos de verano y viajes de idiomas para ni\u00f1os y j\u00f3venes\",\"publisher\":{\"@id\":\"https:\/\/juvigo.es\/revista\/#organization\"},\"potentialAction\":[{\"@type\":\"SearchAction\",\"target\":{\"@type\":\"EntryPoint\",\"urlTemplate\":\"https:\/\/juvigo.es\/revista\/?s={search_term_string}\"},\"query-input\":{\"@type\":\"PropertyValueSpecification\",\"valueRequired\":true,\"valueName\":\"search_term_string\"}}],\"inLanguage\":\"es\"},{\"@type\":\"Organization\",\"@id\":\"https:\/\/juvigo.es\/revista\/#organization\",\"name\":\"Juvigo GmbH\",\"url\":\"https:\/\/juvigo.es\/revista\/\",\"logo\":{\"@type\":\"ImageObject\",\"inLanguage\":\"es\",\"@id\":\"https:\/\/juvigo.es\/revista\/#\/schema\/logo\/image\/\",\"url\":\"https:\/\/juvigo.es\/revista\/wp-content\/uploads\/2022\/02\/magazine_logo_scaled.png\",\"contentUrl\":\"https:\/\/juvigo.es\/revista\/wp-content\/uploads\/2022\/02\/magazine_logo_scaled.png\",\"width\":240,\"height\":100,\"caption\":\"Juvigo GmbH\"},\"image\":{\"@id\":\"https:\/\/juvigo.es\/revista\/#\/schema\/logo\/image\/\"},\"sameAs\":[\"https:\/\/de-de.facebook.com\/meinjuvigo\",\"https:\/\/x.com\/meinjuvigo\",\"http:\/\/instagram.com\/juvigo_de\/\"]}]}<\/script>\n<!-- \/ Yoast SEO plugin. -->","yoast_head_json":{"title":"Contacto de prensa - Revista Juvigo","description":"Encuentra informaci\u00f3n pr\u00e1ctica sobre nuestro contacto de prensa que estar\u00e1 disponible para responder a tus preguntas.","robots":{"index":"index","follow":"follow","max-snippet":"max-snippet:-1","max-image-preview":"max-image-preview:large","max-video-preview":"max-video-preview:-1"},"canonical":"https:\/\/juvigo.es\/revista\/contacto-de-prensa\/","og_locale":"es_ES","og_type":"article","og_title":"Contacto de prensa - Revista Juvigo","og_description":"Encuentra informaci\u00f3n pr\u00e1ctica sobre nuestro contacto de prensa que estar\u00e1 disponible para responder a tus preguntas.","og_url":"https:\/\/juvigo.es\/revista\/contacto-de-prensa\/","og_site_name":"Revista Juvigo","article_publisher":"https:\/\/de-de.facebook.com\/meinjuvigo","article_modified_time":"2024-04-04T13:30:10+00:00","og_image":[{"url":"https:\/\/juvigo.es\/revista\/wp-content\/uploads\/2024\/04\/1710762409580.jpeg","type":"","width":"","height":""}],"twitter_card":"summary_large_image","twitter_site":"@meinjuvigo","twitter_misc":{"Tiempo de lectura":"1 minuto"},"schema":{"@context":"https:\/\/schema.org","@graph":[{"@type":"WebPage","@id":"https:\/\/juvigo.es\/revista\/contacto-de-prensa\/","url":"https:\/\/juvigo.es\/revista\/contacto-de-prensa\/","name":"Contacto de prensa - Revista Juvigo","isPartOf":{"@id":"https:\/\/juvigo.es\/revista\/#website"},"primaryImageOfPage":{"@id":"https:\/\/juvigo.es\/revista\/contacto-de-prensa\/#primaryimage"},"image":{"@id":"https:\/\/juvigo.es\/revista\/contacto-de-prensa\/#primaryimage"},"thumbnailUrl":"https:\/\/juvigo.es\/revista\/wp-content\/uploads\/2024\/04\/1710762409580.jpeg","datePublished":"2022-08-22T14:07:22+00:00","dateModified":"2024-04-04T13:30:10+00:00","description":"Encuentra informaci\u00f3n pr\u00e1ctica sobre nuestro contacto de prensa que estar\u00e1 disponible para responder a tus preguntas.","breadcrumb":{"@id":"https:\/\/juvigo.es\/revista\/contacto-de-prensa\/#breadcrumb"},"inLanguage":"es","potentialAction":[{"@type":"ReadAction","target":["https:\/\/juvigo.es\/revista\/contacto-de-prensa\/"]}]},{"@type":"ImageObject","inLanguage":"es","@id":"https:\/\/juvigo.es\/revista\/contacto-de-prensa\/#primaryimage","url":"https:\/\/juvigo.es\/revista\/wp-content\/uploads\/2024\/04\/1710762409580.jpeg","contentUrl":"https:\/\/juvigo.es\/revista\/wp-content\/uploads\/2024\/04\/1710762409580.jpeg","width":389,"height":389},{"@type":"BreadcrumbList","@id":"https:\/\/juvigo.es\/revista\/contacto-de-prensa\/#breadcrumb","itemListElement":[{"@type":"ListItem","position":1,"name":"Revista Juvigo","item":"https:\/\/juvigo.es\/revista\/"},{"@type":"ListItem","position":2,"name":"Contacto de prensa"}]},{"@type":"WebSite","@id":"https:\/\/juvigo.es\/revista\/#website","url":"https:\/\/juvigo.es\/revista\/","name":"Revista Juvigo","description":"Tu revista digital de campamentos de verano y viajes de idiomas para ni\u00f1os y j\u00f3venes","publisher":{"@id":"https:\/\/juvigo.es\/revista\/#organization"},"potentialAction":[{"@type":"SearchAction","target":{"@type":"EntryPoint","urlTemplate":"https:\/\/juvigo.es\/revista\/?s={search_term_string}"},"query-input":{"@type":"PropertyValueSpecification","valueRequired":true,"valueName":"search_term_string"}}],"inLanguage":"es"},{"@type":"Organization","@id":"https:\/\/juvigo.es\/revista\/#organization","name":"Juvigo GmbH","url":"https:\/\/juvigo.es\/revista\/","logo":{"@type":"ImageObject","inLanguage":"es","@id":"https:\/\/juvigo.es\/revista\/#\/schema\/logo\/image\/","url":"https:\/\/juvigo.es\/revista\/wp-content\/uploads\/2022\/02\/magazine_logo_scaled.png","contentUrl":"https:\/\/juvigo.es\/revista\/wp-content\/uploads\/2022\/02\/magazine_logo_scaled.png","width":240,"height":100,"caption":"Juvigo GmbH"},"image":{"@id":"https:\/\/juvigo.es\/revista\/#\/schema\/logo\/image\/"},"sameAs":["https:\/\/de-de.facebook.com\/meinjuvigo","https:\/\/x.com\/meinjuvigo","http:\/\/instagram.com\/juvigo_de\/"]}]}},"wps_subtitle":"","coauthors":[],"author_meta":{"author_link":"https:\/\/juvigo.es\/revista\/author\/guillermo\/","display_name":"Guillermo Fernandez Cegarra"},"relative_dates":{"created":"Publicado 4 a\u00f1os hace","modified":"Actualizado 2 a\u00f1os hace"},"absolute_dates":{"created":"Publicado el 22 de agosto de 2022","modified":"Actualizado el 4 de abril de 2024"},"absolute_dates_time":{"created":"Publicado el 22 de agosto de 2022 16:07","modified":"Actualizado el 4 de abril de 2024 15:30"},"featured_img_caption":"","featured_img":false,"series_order":"","_links":{"self":[{"href":"https:\/\/juvigo.es\/revista\/wp-json\/wp\/v2\/pages\/8069","targetHints":{"allow":["GET"]}}],"collection":[{"href":"https:\/\/juvigo.es\/revista\/wp-json\/wp\/v2\/pages"}],"about":[{"href":"https:\/\/juvigo.es\/revista\/wp-json\/wp\/v2\/types\/page"}],"author":[{"embeddable":true,"href":"https:\/\/juvigo.es\/revista\/wp-json\/wp\/v2\/users\/26"}],"replies":[{"embeddable":true,"href":"https:\/\/juvigo.es\/revista\/wp-json\/wp\/v2\/comments?post=8069"}],"version-history":[{"count":32,"href":"https:\/\/juvigo.es\/revista\/wp-json\/wp\/v2\/pages\/8069\/revisions"}],"predecessor-version":[{"id":9223,"href":"https:\/\/juvigo.es\/revista\/wp-json\/wp\/v2\/pages\/8069\/revisions\/9223"}],"wp:attachment":[{"href":"https:\/\/juvigo.es\/revista\/wp-json\/wp\/v2\/media?parent=8069"}],"wp:term":[{"taxonomy":"category","embeddable":true,"href":"https:\/\/juvigo.es\/revista\/wp-json\/wp\/v2\/categories?post=8069"},{"taxonomy":"post_tag","embeddable":true,"href":"https:\/\/juvigo.es\/revista\/wp-json\/wp\/v2\/tags?post=8069"}],"curies":[{"name":"wp","href":"https:\/\/api.w.org\/{rel}","templated":true}]}}