{"id":8730,"date":"2024-06-24T15:34:53","date_gmt":"2024-06-24T13:34:53","guid":{"rendered":"https:\/\/juvigo.es\/revista\/?page_id=8730"},"modified":"2025-09-22T14:24:46","modified_gmt":"2025-09-22T12:24:46","slug":"comentarios-socios","status":"publish","type":"page","link":"https:\/\/juvigo.es\/revista\/comentarios-socios\/","title":{"rendered":"Nuestros socios comparten sus experiencias con Juvigo"},"content":{"rendered":"\n<p>Nuestro trabajo no ser\u00eda posible sin la excelente colaboraci\u00f3n de nuestros socios. Con muchos a\u00f1os de experiencia a sus espaldas, son los encargados de organizar de la manera m\u00e1s profesional todos los campamentos que ofrecemos, centr\u00e1ndose siempre en el bienestar de todos los participantes y brind\u00e1ndoles las mejores vacaciones. Su devoci\u00f3n hacia los j\u00f3venes, su capacidad de adaptaci\u00f3n a cualquier tipo de situaci\u00f3n y su constante esfuerzo por mejorar a\u00f1o tras a\u00f1o, es lo que nos permite depositar nuestra confianza plena en ellos. Participamos de forma cooperativa y armoniosa con todos nuestros socios, asociaciones y otros agentes del sector a trav\u00e9s de Juvigo, con el fin de involucrar no solo ni\u00f1os y j\u00f3venes de todas las edades, sino tambi\u00e9n a los padres, en la b\u00fasqueda del mejor entretenimiento vacacional, velando por el desarrollo y crecimiento personal de cada uno de ellos.<\/p>\n\n\n\n<div class=\"wp-block-columns is-layout-flex wp-container-core-columns-is-layout-9d6595d7 wp-block-columns-is-layout-flex\">\n<div class=\"wp-block-column is-vertically-aligned-center is-layout-flow wp-block-column-is-layout-flow\" style=\"flex-basis:66.66%\">\n<p>Ya llevamos varios a\u00f1os de la mano de Juvigo y estamos muy contentos con los resultados obtenidos. Adem\u00e1s, la comunicaci\u00f3n ha sido siempre muy fluida y eficiente. Somos dos empresas muy implicadas en el sector y que creemos firmemente en lo que hacemos. Estamos convencidos de que esta relaci\u00f3n comercial durar\u00e1 muchos a\u00f1os m\u00e1s.<\/p>\n\n\n\n<p><em>Carolina Fleix Wright, Directora General de English Summer<\/em><\/p>\n<\/div>\n\n\n\n<div class=\"wp-block-column is-vertically-aligned-center is-layout-flow wp-block-column-is-layout-flow\" style=\"flex-basis:33.33%\"><div class=\"wp-block-image is-style-rounded\">\n<figure class=\"aligncenter size-full\"><img decoding=\"async\" width=\"601\" height=\"401\" data-src=\"https:\/\/juvigo.es\/revista\/wp-content\/uploads\/2024\/06\/CAROPHOTO.jpg\" alt=\"\" class=\"wp-image-8733 lazyload\" style=\"--smush-placeholder-width: 601px; --smush-placeholder-aspect-ratio: 601\/401;aspect-ratio:1;object-fit:cover\" data-srcset=\"https:\/\/juvigo.es\/revista\/wp-content\/uploads\/2024\/06\/CAROPHOTO.jpg 601w, https:\/\/juvigo.es\/revista\/wp-content\/uploads\/2024\/06\/CAROPHOTO-300x200.jpg 300w, https:\/\/juvigo.es\/revista\/wp-content\/uploads\/2024\/06\/CAROPHOTO-227x152.jpg 227w, https:\/\/juvigo.es\/revista\/wp-content\/uploads\/2024\/06\/CAROPHOTO-143x96.jpg 143w, https:\/\/juvigo.es\/revista\/wp-content\/uploads\/2024\/06\/CAROPHOTO-585x390.jpg 585w, https:\/\/juvigo.es\/revista\/wp-content\/uploads\/2024\/06\/CAROPHOTO-385x257.jpg 385w\" data-sizes=\"(max-width: 601px) 100vw, 601px\" src=\"data:image\/svg+xml;base64,PHN2ZyB3aWR0aD0iMSIgaGVpZ2h0PSIxIiB4bWxucz0iaHR0cDovL3d3dy53My5vcmcvMjAwMC9zdmciPjwvc3ZnPg==\" \/><\/figure><\/div><\/div>\n<\/div>\n\n\n\n<div style=\"height:50px\" aria-hidden=\"true\" class=\"wp-block-spacer\"><\/div>\n\n\n\n<div class=\"wp-block-columns is-layout-flex wp-container-core-columns-is-layout-9d6595d7 wp-block-columns-is-layout-flex\">\n<div class=\"wp-block-column is-vertically-aligned-center is-layout-flow wp-block-column-is-layout-flow\" style=\"flex-basis:33.33%\"><div class=\"wp-block-image is-style-rounded\">\n<figure class=\"aligncenter size-full\"><img decoding=\"async\" width=\"710\" height=\"729\" data-src=\"https:\/\/juvigo.es\/revista\/wp-content\/uploads\/2024\/06\/Screenshot_20210924-123951_Instagram.jpg\" alt=\"\" class=\"wp-image-8735 lazyload\" style=\"--smush-placeholder-width: 710px; --smush-placeholder-aspect-ratio: 710\/729;aspect-ratio:1;object-fit:cover\" data-srcset=\"https:\/\/juvigo.es\/revista\/wp-content\/uploads\/2024\/06\/Screenshot_20210924-123951_Instagram.jpg 710w, https:\/\/juvigo.es\/revista\/wp-content\/uploads\/2024\/06\/Screenshot_20210924-123951_Instagram-292x300.jpg 292w, https:\/\/juvigo.es\/revista\/wp-content\/uploads\/2024\/06\/Screenshot_20210924-123951_Instagram-600x616.jpg 600w\" data-sizes=\"(max-width: 710px) 100vw, 710px\" src=\"data:image\/svg+xml;base64,PHN2ZyB3aWR0aD0iMSIgaGVpZ2h0PSIxIiB4bWxucz0iaHR0cDovL3d3dy53My5vcmcvMjAwMC9zdmciPjwvc3ZnPg==\" \/><\/figure><\/div><\/div>\n\n\n\n<div class=\"wp-block-column is-vertically-aligned-center is-layout-flow wp-block-column-is-layout-flow\" style=\"flex-basis:66.66%\">\n<p>Un placer trabajar con Juvigo, excelentes profesionales, comunicaci\u00f3n eficaz y transparencia absoluta. Sin duda continuaremos trabajando con vosotros. Gracias por todo.<\/p>\n\n\n\n<p><em>Cristina Costa, Directora General de LEWU<\/em><\/p>\n<\/div>\n<\/div>\n\n\n\n<div style=\"height:50px\" aria-hidden=\"true\" class=\"wp-block-spacer\"><\/div>\n\n\n\n<div class=\"wp-block-columns is-layout-flex wp-container-core-columns-is-layout-9d6595d7 wp-block-columns-is-layout-flex\">\n<div class=\"wp-block-column is-vertically-aligned-center is-layout-flow wp-block-column-is-layout-flow\" style=\"flex-basis:66.66%\">\n<p>Juvigo es en mi opini\u00f3n el futuro de la internacionalizaci\u00f3n de mis campamentos. Me ha gustado vuestra diligencia, seriedad y protocolos de trabajo. Agradezco la visita de Francesco y de Bj\u00f6rn, es un aspecto a destacar y a agradecer. Visitar las instalaciones es garant\u00eda de un trabajo bien hecho.<\/p>\n\n\n\n<p><em>Jos\u00e9 Ignacio Tapia, Gerente General de Oliva Surf<\/em><\/p>\n<\/div>\n\n\n\n<div class=\"wp-block-column is-vertically-aligned-center is-layout-flow wp-block-column-is-layout-flow\" style=\"flex-basis:33.33%\"><div class=\"wp-block-image is-style-rounded\">\n<figure class=\"aligncenter size-large\"><img decoding=\"async\" width=\"1024\" height=\"970\" data-src=\"https:\/\/juvigo.es\/revista\/wp-content\/uploads\/2024\/06\/Captura-de-pantalla-2021-09-23-a-las-12.51.46-1024x970.jpg\" alt=\"\" class=\"wp-image-8736 lazyload\" style=\"--smush-placeholder-width: 1024px; --smush-placeholder-aspect-ratio: 1024\/970;aspect-ratio:1;object-fit:cover\" data-srcset=\"https:\/\/juvigo.es\/revista\/wp-content\/uploads\/2024\/06\/Captura-de-pantalla-2021-09-23-a-las-12.51.46-1024x970.jpg 1024w, https:\/\/juvigo.es\/revista\/wp-content\/uploads\/2024\/06\/Captura-de-pantalla-2021-09-23-a-las-12.51.46-300x284.jpg 300w, https:\/\/juvigo.es\/revista\/wp-content\/uploads\/2024\/06\/Captura-de-pantalla-2021-09-23-a-las-12.51.46-768x728.jpg 768w, https:\/\/juvigo.es\/revista\/wp-content\/uploads\/2024\/06\/Captura-de-pantalla-2021-09-23-a-las-12.51.46-1536x1455.jpg 1536w, https:\/\/juvigo.es\/revista\/wp-content\/uploads\/2024\/06\/Captura-de-pantalla-2021-09-23-a-las-12.51.46-600x568.jpg 600w, https:\/\/juvigo.es\/revista\/wp-content\/uploads\/2024\/06\/Captura-de-pantalla-2021-09-23-a-las-12.51.46-800x758.jpg 800w, https:\/\/juvigo.es\/revista\/wp-content\/uploads\/2024\/06\/Captura-de-pantalla-2021-09-23-a-las-12.51.46.jpg 1672w\" data-sizes=\"(max-width: 1024px) 100vw, 1024px\" src=\"data:image\/svg+xml;base64,PHN2ZyB3aWR0aD0iMSIgaGVpZ2h0PSIxIiB4bWxucz0iaHR0cDovL3d3dy53My5vcmcvMjAwMC9zdmciPjwvc3ZnPg==\" \/><\/figure><\/div><\/div>\n<\/div>\n\n\n\n<div style=\"height:50px\" aria-hidden=\"true\" class=\"wp-block-spacer\"><\/div>\n\n\n\n<div class=\"wp-block-columns are-vertically-aligned-center is-layout-flex wp-container-core-columns-is-layout-9d6595d7 wp-block-columns-is-layout-flex\">\n<div class=\"wp-block-column is-vertically-aligned-center is-layout-flow wp-block-column-is-layout-flow\" style=\"flex-basis:33.33%\"><div class=\"wp-block-image is-style-rounded\">\n<figure class=\"aligncenter size-large\"><img decoding=\"async\" width=\"768\" height=\"1024\" data-src=\"https:\/\/juvigo.es\/revista\/wp-content\/uploads\/2024\/06\/nacho-profut-768x1024.jpeg\" alt=\"\" class=\"wp-image-8737 lazyload\" style=\"--smush-placeholder-width: 768px; --smush-placeholder-aspect-ratio: 768\/1024;aspect-ratio:1;object-fit:cover\" data-srcset=\"https:\/\/juvigo.es\/revista\/wp-content\/uploads\/2024\/06\/nacho-profut-768x1024.jpeg 768w, https:\/\/juvigo.es\/revista\/wp-content\/uploads\/2024\/06\/nacho-profut-225x300.jpeg 225w, https:\/\/juvigo.es\/revista\/wp-content\/uploads\/2024\/06\/nacho-profut-1152x1536.jpeg 1152w, https:\/\/juvigo.es\/revista\/wp-content\/uploads\/2024\/06\/nacho-profut-600x800.jpeg 600w, https:\/\/juvigo.es\/revista\/wp-content\/uploads\/2024\/06\/nacho-profut-800x1067.jpeg 800w, https:\/\/juvigo.es\/revista\/wp-content\/uploads\/2024\/06\/nacho-profut-380x507.jpeg 380w, https:\/\/juvigo.es\/revista\/wp-content\/uploads\/2024\/06\/nacho-profut-247x330.jpeg 247w, https:\/\/juvigo.es\/revista\/wp-content\/uploads\/2024\/06\/nacho-profut-278x371.jpeg 278w, https:\/\/juvigo.es\/revista\/wp-content\/uploads\/2024\/06\/nacho-profut.jpeg 1200w\" data-sizes=\"(max-width: 768px) 100vw, 768px\" src=\"data:image\/svg+xml;base64,PHN2ZyB3aWR0aD0iMSIgaGVpZ2h0PSIxIiB4bWxucz0iaHR0cDovL3d3dy53My5vcmcvMjAwMC9zdmciPjwvc3ZnPg==\" \/><\/figure><\/div><\/div>\n\n\n\n<div class=\"wp-block-column is-vertically-aligned-center is-layout-flow wp-block-column-is-layout-flow\" style=\"flex-basis:66.66%\">\n<p>Este ser\u00e1 el 4\u00ba a\u00f1o que trabajaremos juntos. Han sido unos a\u00f1os muy gratos, siento que caminamos hacia el mismo lugar, la comunicaci\u00f3n con Juvigo nunca ha sido un problema. Transmiten a los clientes toda la confianza que necesitan y por tanto a nosotros tambi\u00e9n.<\/p>\n\n\n\n<p><em>Nacho Aguilar, Director Profutcamp<\/em><\/p>\n<\/div>\n<\/div>\n\n\n\n<div style=\"height:50px\" aria-hidden=\"true\" class=\"wp-block-spacer\"><\/div>\n\n\n\n<div class=\"wp-block-columns is-layout-flex wp-container-core-columns-is-layout-9d6595d7 wp-block-columns-is-layout-flex\">\n<div class=\"wp-block-column is-vertically-aligned-center is-layout-flow wp-block-column-is-layout-flow\" style=\"flex-basis:66.66%\">\n<p>Son varios a\u00f1os ya de colaboraci\u00f3n con Juvigo, aportando valor conjuntamente a nuestro sector, con eficacia y buen hacer. Seguiremos de la mano!!! Gracias a todo el equipo.<\/p>\n\n\n\n<p><em>Celia P\u00e9rez Fern\u00e1ndez, Directora y fundadora de Globalcamp<\/em><\/p>\n<\/div>\n\n\n\n<div class=\"wp-block-column is-vertically-aligned-center is-layout-flow wp-block-column-is-layout-flow\" style=\"flex-basis:33.33%\"><div class=\"wp-block-image is-style-rounded\">\n<figure class=\"aligncenter size-full\"><img decoding=\"async\" width=\"604\" height=\"604\" data-src=\"https:\/\/juvigo.es\/revista\/wp-content\/uploads\/2024\/06\/foto-globalcamp-celia.jpeg\" alt=\"\" class=\"wp-image-8740 lazyload\" style=\"--smush-placeholder-width: 604px; --smush-placeholder-aspect-ratio: 604\/604;aspect-ratio:1;object-fit:cover\" data-srcset=\"https:\/\/juvigo.es\/revista\/wp-content\/uploads\/2024\/06\/foto-globalcamp-celia.jpeg 604w, https:\/\/juvigo.es\/revista\/wp-content\/uploads\/2024\/06\/foto-globalcamp-celia-300x300.jpeg 300w, https:\/\/juvigo.es\/revista\/wp-content\/uploads\/2024\/06\/foto-globalcamp-celia-150x150.jpeg 150w, https:\/\/juvigo.es\/revista\/wp-content\/uploads\/2024\/06\/foto-globalcamp-celia-600x600.jpeg 600w, https:\/\/juvigo.es\/revista\/wp-content\/uploads\/2024\/06\/foto-globalcamp-celia-278x278.jpeg 278w, https:\/\/juvigo.es\/revista\/wp-content\/uploads\/2024\/06\/foto-globalcamp-celia-247x247.jpeg 247w\" data-sizes=\"(max-width: 604px) 100vw, 604px\" src=\"data:image\/svg+xml;base64,PHN2ZyB3aWR0aD0iMSIgaGVpZ2h0PSIxIiB4bWxucz0iaHR0cDovL3d3dy53My5vcmcvMjAwMC9zdmciPjwvc3ZnPg==\" \/><\/figure><\/div><\/div>\n<\/div>\n\n\n\n<div style=\"height:50px\" aria-hidden=\"true\" class=\"wp-block-spacer\"><\/div>\n\n\n\n<div class=\"wp-block-columns is-layout-flex wp-container-core-columns-is-layout-9d6595d7 wp-block-columns-is-layout-flex\">\n<div class=\"wp-block-column is-vertically-aligned-center is-layout-flow wp-block-column-is-layout-flow\" style=\"flex-basis:33.33%\"><div class=\"wp-block-image is-style-rounded\">\n<figure class=\"aligncenter size-large\"><img decoding=\"async\" width=\"828\" height=\"1024\" data-src=\"https:\/\/juvigo.es\/revista\/wp-content\/uploads\/2024\/06\/Captura-de-pantalla-2021-09-21-a-las-14.16.45-828x1024.jpg\" alt=\"\" class=\"wp-image-8741 lazyload\" style=\"--smush-placeholder-width: 828px; --smush-placeholder-aspect-ratio: 828\/1024;aspect-ratio:1;object-fit:cover\" data-srcset=\"https:\/\/juvigo.es\/revista\/wp-content\/uploads\/2024\/06\/Captura-de-pantalla-2021-09-21-a-las-14.16.45-828x1024.jpg 828w, https:\/\/juvigo.es\/revista\/wp-content\/uploads\/2024\/06\/Captura-de-pantalla-2021-09-21-a-las-14.16.45-243x300.jpg 243w, https:\/\/juvigo.es\/revista\/wp-content\/uploads\/2024\/06\/Captura-de-pantalla-2021-09-21-a-las-14.16.45-768x949.jpg 768w, https:\/\/juvigo.es\/revista\/wp-content\/uploads\/2024\/06\/Captura-de-pantalla-2021-09-21-a-las-14.16.45-600x742.jpg 600w, https:\/\/juvigo.es\/revista\/wp-content\/uploads\/2024\/06\/Captura-de-pantalla-2021-09-21-a-las-14.16.45-800x989.jpg 800w, https:\/\/juvigo.es\/revista\/wp-content\/uploads\/2024\/06\/Captura-de-pantalla-2021-09-21-a-las-14.16.45.jpg 1000w\" data-sizes=\"(max-width: 828px) 100vw, 828px\" src=\"data:image\/svg+xml;base64,PHN2ZyB3aWR0aD0iMSIgaGVpZ2h0PSIxIiB4bWxucz0iaHR0cDovL3d3dy53My5vcmcvMjAwMC9zdmciPjwvc3ZnPg==\" \/><\/figure><\/div><\/div>\n\n\n\n<div class=\"wp-block-column is-layout-flow wp-block-column-is-layout-flow\" style=\"flex-basis:66.66%\">\n<p>Fue para m\u00ed un verdadero placer teneros en mi territorio y poder mostraros mejor en qu\u00e9 consiste mi campamento y cu\u00e1l es la filosof\u00eda que impera en Iberian Camps. Tambi\u00e9n me encant\u00f3 corroborar un pensamiento que ya ten\u00eda acerca de Juvigo y es que sois una empresa de gente joven pero muy profesional, con la que comparto plenamente la forma de trabajar y que me inspira mucha confianza. Y qu\u00e9 importante es encontrar buenos compa\u00f1eros de equipo! Porque as\u00ed me gusta ver a mis colaboradores, como compa\u00f1eros. Estoy convencida de que esto no es m\u00e1s que el comienzo de una fruct\u00edfera relaci\u00f3n comercial. Ich bin 100% sicher!<\/p>\n\n\n\n<p><em>Lorena Javaloyes, Directora General de Iberian Camps<\/em><\/p>\n<\/div>\n<\/div>\n\n\n\n<div style=\"height:50px\" aria-hidden=\"true\" class=\"wp-block-spacer\"><\/div>\n\n\n\n<div class=\"wp-block-columns is-layout-flex wp-container-core-columns-is-layout-9d6595d7 wp-block-columns-is-layout-flex\">\n<div class=\"wp-block-column is-vertically-aligned-center is-layout-flow wp-block-column-is-layout-flow\" style=\"flex-basis:66.66%\">\n<p>Un placer haber colaborado con JUVIGO esta campa\u00f1a. Sois transparentes, claros y sobre todo muy resolutivos en todo el trabajo que desarroll\u00e1is. Creo que es la forma m\u00e1s moderna de promover y comercializar las actividades de verano. A nosotros nos hab\u00e9is facilitado mucho la inscripci\u00f3n. Felicitar a todos los responsables que han tenido contacto con nosotros por su trabajo y responsabilidad. Un saludo y esperamos que este a\u00f1o 2024 est\u00e9 repleto de aventuras por vivir juntos.<\/p>\n\n\n\n<p><em>Jos\u00e9 Luis Gra\u00f1a Neira, Gerente y responsable de ventas de 1001 Aventuras Ocio S.L.<\/em><\/p>\n<\/div>\n\n\n\n<div class=\"wp-block-column is-vertically-aligned-center is-layout-flow wp-block-column-is-layout-flow\" style=\"flex-basis:33.33%\"><div class=\"wp-block-image is-style-rounded\">\n<figure class=\"aligncenter size-large\"><img decoding=\"async\" width=\"1024\" height=\"576\" data-src=\"https:\/\/juvigo.es\/revista\/wp-content\/uploads\/2024\/07\/joseluis_1001aventuras-1024x576.jpg\" alt=\"\" class=\"wp-image-8747 lazyload\" style=\"--smush-placeholder-width: 1024px; --smush-placeholder-aspect-ratio: 1024\/576;aspect-ratio:1;object-fit:cover\" data-srcset=\"https:\/\/juvigo.es\/revista\/wp-content\/uploads\/2024\/07\/joseluis_1001aventuras-1024x576.jpg 1024w, https:\/\/juvigo.es\/revista\/wp-content\/uploads\/2024\/07\/joseluis_1001aventuras-300x169.jpg 300w, https:\/\/juvigo.es\/revista\/wp-content\/uploads\/2024\/07\/joseluis_1001aventuras-768x432.jpg 768w, https:\/\/juvigo.es\/revista\/wp-content\/uploads\/2024\/07\/joseluis_1001aventuras-1536x864.jpg 1536w, https:\/\/juvigo.es\/revista\/wp-content\/uploads\/2024\/07\/joseluis_1001aventuras-2048x1152.jpg 2048w, https:\/\/juvigo.es\/revista\/wp-content\/uploads\/2024\/07\/joseluis_1001aventuras-1920x1080.jpg 1920w, https:\/\/juvigo.es\/revista\/wp-content\/uploads\/2024\/07\/joseluis_1001aventuras-600x337.jpg 600w, https:\/\/juvigo.es\/revista\/wp-content\/uploads\/2024\/07\/joseluis_1001aventuras-800x450.jpg 800w, https:\/\/juvigo.es\/revista\/wp-content\/uploads\/2024\/07\/joseluis_1001aventuras-1200x675.jpg 1200w, https:\/\/juvigo.es\/revista\/wp-content\/uploads\/2024\/07\/joseluis_1001aventuras-585x330.jpg 585w, https:\/\/juvigo.es\/revista\/wp-content\/uploads\/2024\/07\/joseluis_1001aventuras-385x217.jpg 385w, https:\/\/juvigo.es\/revista\/wp-content\/uploads\/2024\/07\/joseluis_1001aventuras-380x214.jpg 380w, https:\/\/juvigo.es\/revista\/wp-content\/uploads\/2024\/07\/joseluis_1001aventuras-247x139.jpg 247w, https:\/\/juvigo.es\/revista\/wp-content\/uploads\/2024\/07\/joseluis_1001aventuras-278x157.jpg 278w, https:\/\/juvigo.es\/revista\/wp-content\/uploads\/2024\/07\/joseluis_1001aventuras-178x101.jpg 178w\" data-sizes=\"(max-width: 1024px) 100vw, 1024px\" src=\"data:image\/svg+xml;base64,PHN2ZyB3aWR0aD0iMSIgaGVpZ2h0PSIxIiB4bWxucz0iaHR0cDovL3d3dy53My5vcmcvMjAwMC9zdmciPjwvc3ZnPg==\" \/><\/figure><\/div><\/div>\n<\/div>\n\n\n\n<div style=\"height:50px\" aria-hidden=\"true\" class=\"wp-block-spacer\"><\/div>\n\n\n\n<div class=\"wp-block-columns is-layout-flex wp-container-core-columns-is-layout-9d6595d7 wp-block-columns-is-layout-flex\">\n<div class=\"wp-block-column is-vertically-aligned-center is-layout-flow wp-block-column-is-layout-flow\" style=\"flex-basis:33.33%\"><div class=\"wp-block-image is-style-rounded\">\n<figure class=\"aligncenter size-large\"><img decoding=\"async\" width=\"1024\" height=\"555\" data-src=\"https:\/\/juvigo.es\/revista\/wp-content\/uploads\/2024\/07\/foto_llanes_surf-1024x555.jpeg\" alt=\"\" class=\"wp-image-8750 lazyload\" style=\"--smush-placeholder-width: 1024px; --smush-placeholder-aspect-ratio: 1024\/555;aspect-ratio:1;object-fit:cover\" data-srcset=\"https:\/\/juvigo.es\/revista\/wp-content\/uploads\/2024\/07\/foto_llanes_surf-1024x555.jpeg 1024w, https:\/\/juvigo.es\/revista\/wp-content\/uploads\/2024\/07\/foto_llanes_surf-300x163.jpeg 300w, https:\/\/juvigo.es\/revista\/wp-content\/uploads\/2024\/07\/foto_llanes_surf-768x416.jpeg 768w, https:\/\/juvigo.es\/revista\/wp-content\/uploads\/2024\/07\/foto_llanes_surf-1536x832.jpeg 1536w, https:\/\/juvigo.es\/revista\/wp-content\/uploads\/2024\/07\/foto_llanes_surf-600x325.jpeg 600w, https:\/\/juvigo.es\/revista\/wp-content\/uploads\/2024\/07\/foto_llanes_surf-800x434.jpeg 800w, https:\/\/juvigo.es\/revista\/wp-content\/uploads\/2024\/07\/foto_llanes_surf.jpeg 1600w\" data-sizes=\"(max-width: 1024px) 100vw, 1024px\" src=\"data:image\/svg+xml;base64,PHN2ZyB3aWR0aD0iMSIgaGVpZ2h0PSIxIiB4bWxucz0iaHR0cDovL3d3dy53My5vcmcvMjAwMC9zdmciPjwvc3ZnPg==\" \/><\/figure><\/div><\/div>\n\n\n\n<div class=\"wp-block-column is-vertically-aligned-center is-layout-flow wp-block-column-is-layout-flow\" style=\"flex-basis:66.66%\">\n<p>Grandes profesionales. Trato serio y fluidez a la hora de gestionar las reservas. Muy contentos con vosotros. Seguiremos trabajando juntos!<\/p>\n\n\n\n<p><em>Fernando Vazquez-Queipo, Director<\/em><\/p>\n<\/div>\n<\/div>\n\n\n\n<div style=\"height:50px\" aria-hidden=\"true\" class=\"wp-block-spacer\"><\/div>\n\n\n\n<div class=\"wp-block-columns is-layout-flex wp-container-core-columns-is-layout-9d6595d7 wp-block-columns-is-layout-flex\">\n<div class=\"wp-block-column is-vertically-aligned-center is-layout-flow wp-block-column-is-layout-flow\" style=\"flex-basis:66.66%\">\n<p>Juvigo es una empresa que tiene el mismo perfil que nosotros: pasi\u00f3n para el trabajo. Nos sorprendi\u00f3 la eficiencia que tuvieron a la hora de crear inter\u00e9s hacia nuestro programa entre sus clientes en tan poco tiempo. Gracias a Juvigo pudimos ampliar nuestro mercado en el verano 2021. Esperamos seguir trabajando con vosotros. \u00a1Buen trabajo!<\/p>\n\n\n\n<p><em>Irene Weiss, Directora General de Lenguaventura<\/em><\/p>\n<\/div>\n\n\n\n<div class=\"wp-block-column is-vertically-aligned-center is-layout-flow wp-block-column-is-layout-flow\" style=\"flex-basis:33.33%\"><div class=\"wp-block-image is-style-rounded\">\n<figure class=\"aligncenter size-full\"><img decoding=\"async\" width=\"426\" height=\"478\" data-src=\"https:\/\/juvigo.es\/revista\/wp-content\/uploads\/2024\/07\/Summer-camp-Lenguaventura-Tarifa-image-Irene-Weiss.jpg\" alt=\"\" class=\"wp-image-8753 lazyload\" style=\"--smush-placeholder-width: 426px; --smush-placeholder-aspect-ratio: 426\/478;aspect-ratio:1;object-fit:cover\" data-srcset=\"https:\/\/juvigo.es\/revista\/wp-content\/uploads\/2024\/07\/Summer-camp-Lenguaventura-Tarifa-image-Irene-Weiss.jpg 426w, https:\/\/juvigo.es\/revista\/wp-content\/uploads\/2024\/07\/Summer-camp-Lenguaventura-Tarifa-image-Irene-Weiss-267x300.jpg 267w\" data-sizes=\"(max-width: 426px) 100vw, 426px\" src=\"data:image\/svg+xml;base64,PHN2ZyB3aWR0aD0iMSIgaGVpZ2h0PSIxIiB4bWxucz0iaHR0cDovL3d3dy53My5vcmcvMjAwMC9zdmciPjwvc3ZnPg==\" \/><\/figure><\/div><\/div>\n<\/div>\n\n\n\n<div style=\"height:50px\" aria-hidden=\"true\" class=\"wp-block-spacer\"><\/div>\n\n\n\n<div class=\"wp-block-columns is-layout-flex wp-container-core-columns-is-layout-9d6595d7 wp-block-columns-is-layout-flex\">\n<div class=\"wp-block-column is-vertically-aligned-center is-layout-flow wp-block-column-is-layout-flow\" style=\"flex-basis:33.33%\"><div class=\"wp-block-image is-style-rounded\">\n<figure class=\"aligncenter size-large\"><img decoding=\"async\" width=\"1024\" height=\"741\" data-src=\"https:\/\/juvigo.es\/revista\/wp-content\/uploads\/2024\/07\/FotoRobertoBH-1024x741.jpeg\" alt=\"\" class=\"wp-image-8756 lazyload\" style=\"--smush-placeholder-width: 1024px; --smush-placeholder-aspect-ratio: 1024\/741;aspect-ratio:1;object-fit:cover\" data-srcset=\"https:\/\/juvigo.es\/revista\/wp-content\/uploads\/2024\/07\/FotoRobertoBH-1024x741.jpeg 1024w, https:\/\/juvigo.es\/revista\/wp-content\/uploads\/2024\/07\/FotoRobertoBH-300x217.jpeg 300w, https:\/\/juvigo.es\/revista\/wp-content\/uploads\/2024\/07\/FotoRobertoBH-768x556.jpeg 768w, https:\/\/juvigo.es\/revista\/wp-content\/uploads\/2024\/07\/FotoRobertoBH-1536x1112.jpeg 1536w, https:\/\/juvigo.es\/revista\/wp-content\/uploads\/2024\/07\/FotoRobertoBH-600x434.jpeg 600w, https:\/\/juvigo.es\/revista\/wp-content\/uploads\/2024\/07\/FotoRobertoBH-800x579.jpeg 800w, https:\/\/juvigo.es\/revista\/wp-content\/uploads\/2024\/07\/FotoRobertoBH.jpeg 1600w\" data-sizes=\"(max-width: 1024px) 100vw, 1024px\" src=\"data:image\/svg+xml;base64,PHN2ZyB3aWR0aD0iMSIgaGVpZ2h0PSIxIiB4bWxucz0iaHR0cDovL3d3dy53My5vcmcvMjAwMC9zdmciPjwvc3ZnPg==\" \/><\/figure><\/div><\/div>\n\n\n\n<div class=\"wp-block-column is-vertically-aligned-center is-layout-flow wp-block-column-is-layout-flow\" style=\"flex-basis:66.66%\">\n<p>Una primera experiencia fant\u00e1stica trabajando con Juvigo, desde el primer momento nos ayudaron mucho con una relaci\u00f3n muy cercana. Seguiremos trabajando y creciendo juntos gracias a los buenos resultados obtenidos. Os esperamos pronto en nuestro pr\u00f3ximo campus de verano, aqu\u00ed ten\u00e9is vuestra casa a todo el grupo de trabajo de Juvigo. Gracias por todo.<\/p>\n\n\n\n<p><em>Roberto Casabella, Director de BH F\u00fatbol Academy<\/em><\/p>\n<\/div>\n<\/div>\n\n\n\n<div style=\"height:50px\" aria-hidden=\"true\" class=\"wp-block-spacer\"><\/div>\n\n\n\n<div class=\"wp-block-columns is-layout-flex wp-container-core-columns-is-layout-9d6595d7 wp-block-columns-is-layout-flex\">\n<div class=\"wp-block-column is-vertically-aligned-center is-layout-flow wp-block-column-is-layout-flow\" style=\"flex-basis:66.66%\">\n<p>Ha sido un placer trabajar con Juvigo, desde el primer momento en que contactamos hasta el cierre de temporada. Han sido muy atentos, comunicativos, resolutivos y pr\u00f3ximos. Un gran descubrimiento que recomendar\u00eda a cualquier campamento para que le ayude a darse a conocer y atraer participantes. Definitivamente queremos seguir contando con su profesionalidad y crecer conjuntamente. Muchas gracias por todo!<\/p>\n\n\n\n<p><em>Ferran Carde\u00f1a Franquesa, Co-Fundador de Go Wild Camp<\/em><\/p>\n<\/div>\n\n\n\n<div class=\"wp-block-column is-vertically-aligned-center is-layout-flow wp-block-column-is-layout-flow\" style=\"flex-basis:33.33%\"><div class=\"wp-block-image is-style-rounded\">\n<figure class=\"aligncenter size-large\"><img decoding=\"async\" width=\"819\" height=\"1024\" data-src=\"https:\/\/juvigo.es\/revista\/wp-content\/uploads\/2024\/07\/Foto-de-Ferran-Cardena-3-819x1024.jpg\" alt=\"\" class=\"wp-image-8757 lazyload\" style=\"--smush-placeholder-width: 819px; --smush-placeholder-aspect-ratio: 819\/1024;aspect-ratio:1;object-fit:cover\" data-srcset=\"https:\/\/juvigo.es\/revista\/wp-content\/uploads\/2024\/07\/Foto-de-Ferran-Cardena-3-819x1024.jpg 819w, https:\/\/juvigo.es\/revista\/wp-content\/uploads\/2024\/07\/Foto-de-Ferran-Cardena-3-240x300.jpg 240w, https:\/\/juvigo.es\/revista\/wp-content\/uploads\/2024\/07\/Foto-de-Ferran-Cardena-3-768x960.jpg 768w, https:\/\/juvigo.es\/revista\/wp-content\/uploads\/2024\/07\/Foto-de-Ferran-Cardena-3-600x750.jpg 600w, https:\/\/juvigo.es\/revista\/wp-content\/uploads\/2024\/07\/Foto-de-Ferran-Cardena-3-800x1000.jpg 800w, https:\/\/juvigo.es\/revista\/wp-content\/uploads\/2024\/07\/Foto-de-Ferran-Cardena-3.jpg 1080w\" data-sizes=\"(max-width: 819px) 100vw, 819px\" src=\"data:image\/svg+xml;base64,PHN2ZyB3aWR0aD0iMSIgaGVpZ2h0PSIxIiB4bWxucz0iaHR0cDovL3d3dy53My5vcmcvMjAwMC9zdmciPjwvc3ZnPg==\" \/><\/figure><\/div><\/div>\n<\/div>\n\n\n\n<div style=\"height:50px\" aria-hidden=\"true\" class=\"wp-block-spacer\"><\/div>\n\n\n\n<div class=\"wp-block-columns is-layout-flex wp-container-core-columns-is-layout-9d6595d7 wp-block-columns-is-layout-flex\">\n<div class=\"wp-block-column is-vertically-aligned-center is-layout-flow wp-block-column-is-layout-flow\" style=\"flex-basis:33.33%\"><div class=\"wp-block-image is-style-rounded\">\n<figure class=\"aligncenter size-full\"><img decoding=\"async\" width=\"500\" height=\"500\" data-src=\"https:\/\/juvigo.es\/revista\/wp-content\/uploads\/2024\/07\/JOEL_AUBESO.jpeg\" alt=\"\" class=\"wp-image-8758 lazyload\" style=\"--smush-placeholder-width: 500px; --smush-placeholder-aspect-ratio: 500\/500;aspect-ratio:1;object-fit:cover\" data-srcset=\"https:\/\/juvigo.es\/revista\/wp-content\/uploads\/2024\/07\/JOEL_AUBESO.jpeg 500w, https:\/\/juvigo.es\/revista\/wp-content\/uploads\/2024\/07\/JOEL_AUBESO-300x300.jpeg 300w, https:\/\/juvigo.es\/revista\/wp-content\/uploads\/2024\/07\/JOEL_AUBESO-150x150.jpeg 150w, https:\/\/juvigo.es\/revista\/wp-content\/uploads\/2024\/07\/JOEL_AUBESO-278x278.jpeg 278w, https:\/\/juvigo.es\/revista\/wp-content\/uploads\/2024\/07\/JOEL_AUBESO-247x247.jpeg 247w\" data-sizes=\"(max-width: 500px) 100vw, 500px\" src=\"data:image\/svg+xml;base64,PHN2ZyB3aWR0aD0iMSIgaGVpZ2h0PSIxIiB4bWxucz0iaHR0cDovL3d3dy53My5vcmcvMjAwMC9zdmciPjwvc3ZnPg==\" \/><\/figure><\/div><\/div>\n\n\n\n<div class=\"wp-block-column is-vertically-aligned-center is-layout-flow wp-block-column-is-layout-flow\" style=\"flex-basis:66.66%\">\n<p>Dos a\u00f1os muy positivos de la mano de Juvigo. Profesionales, f\u00e1cil comunicaci\u00f3n y entendiendo las necesidades de nuestros campers y familias. Larga vida a esta relaci\u00f3n para seguir creciendo conjuntamente\u2026 por y para los campers.<\/p>\n\n\n\n<p><em>Joel Aubeso, Director General de 360 Camp<\/em><\/p>\n<\/div>\n<\/div>\n\n\n\n<div style=\"height:50px\" aria-hidden=\"true\" class=\"wp-block-spacer\"><\/div>\n\n\n\n<div class=\"wp-block-columns is-layout-flex wp-container-core-columns-is-layout-9d6595d7 wp-block-columns-is-layout-flex\">\n<div class=\"wp-block-column is-vertically-aligned-center is-layout-flow wp-block-column-is-layout-flow\" style=\"flex-basis:66.66%\">\n<p>Trabajar con el equipo de Juvigo ha sido muy c\u00f3modo desde el primer momento. Muy cercano todo el equipo y siempre pendientes del cliente, la escuela y mejorar constantemente el servicio. Un placer ser parte de esta familia y con ganas de seguir trabajando, aportando nuestro granito de arena y seguir creciendo juntos<\/p>\n\n\n\n<p><em>David &#8220;Capi&#8221; Garc\u00eda, Director y fundador de la Escuela C\u00e1ntabra de Surf, desde 1991.<\/em><\/p>\n<\/div>\n\n\n\n<div class=\"wp-block-column is-vertically-aligned-center is-layout-flow wp-block-column-is-layout-flow\" style=\"flex-basis:33.33%\"><div class=\"wp-block-image is-style-rounded\">\n<figure class=\"aligncenter size-full\"><img decoding=\"async\" width=\"500\" height=\"752\" data-src=\"https:\/\/juvigo.es\/revista\/wp-content\/uploads\/2024\/07\/10092011-_-2.jpeg\" alt=\"\" class=\"wp-image-8759 lazyload\" style=\"--smush-placeholder-width: 500px; --smush-placeholder-aspect-ratio: 500\/752;aspect-ratio:1;object-fit:cover\" data-srcset=\"https:\/\/juvigo.es\/revista\/wp-content\/uploads\/2024\/07\/10092011-_-2.jpeg 500w, https:\/\/juvigo.es\/revista\/wp-content\/uploads\/2024\/07\/10092011-_-2-199x300.jpeg 199w\" data-sizes=\"(max-width: 500px) 100vw, 500px\" src=\"data:image\/svg+xml;base64,PHN2ZyB3aWR0aD0iMSIgaGVpZ2h0PSIxIiB4bWxucz0iaHR0cDovL3d3dy53My5vcmcvMjAwMC9zdmciPjwvc3ZnPg==\" \/><\/figure><\/div><\/div>\n<\/div>\n\n\n\n<div style=\"height:50px\" aria-hidden=\"true\" class=\"wp-block-spacer\"><\/div>\n\n\n\n<div class=\"wp-block-columns is-layout-flex wp-container-core-columns-is-layout-9d6595d7 wp-block-columns-is-layout-flex\">\n<div class=\"wp-block-column is-vertically-aligned-center is-layout-flow wp-block-column-is-layout-flow\" style=\"flex-basis:33.33%\"><div class=\"wp-block-image is-style-rounded\">\n<figure class=\"aligncenter size-full\"><img decoding=\"async\" width=\"903\" height=\"600\" data-src=\"https:\/\/juvigo.es\/revista\/wp-content\/uploads\/2024\/07\/image001.jpg\" alt=\"\" class=\"wp-image-8760 lazyload\" style=\"--smush-placeholder-width: 903px; --smush-placeholder-aspect-ratio: 903\/600;aspect-ratio:1;object-fit:cover\" data-srcset=\"https:\/\/juvigo.es\/revista\/wp-content\/uploads\/2024\/07\/image001.jpg 903w, https:\/\/juvigo.es\/revista\/wp-content\/uploads\/2024\/07\/image001-300x199.jpg 300w, https:\/\/juvigo.es\/revista\/wp-content\/uploads\/2024\/07\/image001-768x510.jpg 768w, https:\/\/juvigo.es\/revista\/wp-content\/uploads\/2024\/07\/image001-600x399.jpg 600w, https:\/\/juvigo.es\/revista\/wp-content\/uploads\/2024\/07\/image001-800x532.jpg 800w, https:\/\/juvigo.es\/revista\/wp-content\/uploads\/2024\/07\/image001-227x152.jpg 227w, https:\/\/juvigo.es\/revista\/wp-content\/uploads\/2024\/07\/image001-143x96.jpg 143w, https:\/\/juvigo.es\/revista\/wp-content\/uploads\/2024\/07\/image001-585x390.jpg 585w, https:\/\/juvigo.es\/revista\/wp-content\/uploads\/2024\/07\/image001-385x257.jpg 385w\" data-sizes=\"(max-width: 903px) 100vw, 903px\" src=\"data:image\/svg+xml;base64,PHN2ZyB3aWR0aD0iMSIgaGVpZ2h0PSIxIiB4bWxucz0iaHR0cDovL3d3dy53My5vcmcvMjAwMC9zdmciPjwvc3ZnPg==\" \/><\/figure><\/div><\/div>\n\n\n\n<div class=\"wp-block-column is-vertically-aligned-center is-layout-flow wp-block-column-is-layout-flow\" style=\"flex-basis:66.66%\">\n<p>Trabajar con Juvigo ha sido un verdadero placer. Son un equipo de grandes y serios profesionales con quienes la comunicaci\u00f3n resulta muy f\u00e1cil y eficaz. Sin duda continuaremos trabajando juntos.<\/p>\n\n\n\n<p><em>V\u00edctor Rodr\u00edguez Mart\u00ednez, Director de CEI El Jarama<\/em><\/p>\n<\/div>\n<\/div>\n\n\n\n<div style=\"height:50px\" aria-hidden=\"true\" class=\"wp-block-spacer\"><\/div>\n\n\n\n<div class=\"wp-block-columns is-layout-flex wp-container-core-columns-is-layout-9d6595d7 wp-block-columns-is-layout-flex\">\n<div class=\"wp-block-column is-vertically-aligned-center is-layout-flow wp-block-column-is-layout-flow\" style=\"flex-basis:66.66%\">\n<p>Nuestra experiencia, ha sido sumamente positiva. Hemos podido trabajar de manera eficiente con Juvigo. El grado de satisfacci\u00f3n de nuestros clientes ha sido muy alto. Es el comienzo de una larga relaci\u00f3n que deseamos que sea muy exitosa.<\/p>\n\n\n\n<p><em>Eduardo Pascual Arcas, CEO de Sport Events<\/em><\/p>\n<\/div>\n\n\n\n<div class=\"wp-block-column is-vertically-aligned-center is-layout-flow wp-block-column-is-layout-flow\" style=\"flex-basis:33.33%\"><div class=\"wp-block-image is-style-rounded\">\n<figure class=\"aligncenter size-full\"><img decoding=\"async\" width=\"200\" height=\"200\" data-src=\"https:\/\/juvigo.es\/revista\/wp-content\/uploads\/2024\/07\/Foto-Eduardo.jpeg\" alt=\"\" class=\"wp-image-8762 lazyload\" style=\"--smush-placeholder-width: 200px; --smush-placeholder-aspect-ratio: 200\/200;aspect-ratio:1;object-fit:cover\" data-srcset=\"https:\/\/juvigo.es\/revista\/wp-content\/uploads\/2024\/07\/Foto-Eduardo.jpeg 200w, https:\/\/juvigo.es\/revista\/wp-content\/uploads\/2024\/07\/Foto-Eduardo-150x150.jpeg 150w\" data-sizes=\"(max-width: 200px) 100vw, 200px\" src=\"data:image\/svg+xml;base64,PHN2ZyB3aWR0aD0iMSIgaGVpZ2h0PSIxIiB4bWxucz0iaHR0cDovL3d3dy53My5vcmcvMjAwMC9zdmciPjwvc3ZnPg==\" \/><\/figure><\/div><\/div>\n<\/div>\n","protected":false},"excerpt":{"rendered":"<p>Nuestro trabajo no ser\u00eda posible sin la excelente colaboraci\u00f3n de nuestros socios. Con muchos a\u00f1os de experiencia a sus espaldas, son los encargados de organizar de la manera m\u00e1s profesional todos los campamentos que ofrecemos, centr\u00e1ndose siempre en el bienestar de todos los participantes y brind\u00e1ndoles las mejores vacaciones. Su devoci\u00f3n hacia los j\u00f3venes, su [&hellip;]<\/p>\n","protected":false},"author":3,"featured_media":8655,"parent":0,"menu_order":0,"comment_status":"closed","ping_status":"closed","template":"","meta":{"advgb_blocks_editor_width":"","advgb_blocks_columns_visual_guide":"","footnotes":"","_links_to":"","_links_to_target":""},"categories":[],"tags":[],"class_list":["post-8730","page","type-page","status-publish","has-post-thumbnail","hentry"],"yoast_head":"<!-- This site is optimized with the Yoast SEO plugin v25.8 - https:\/\/yoast.com\/wordpress\/plugins\/seo\/ -->\n<title>Nuestros socios comparten sus experiencias con Juvigo - Juvigo Revista<\/title>\n<meta name=\"description\" content=\"Descubre testimonios de nuestros socios colaboradores: experiencias profesionales, transparencia, comunicaci\u00f3n eficiente y calidad en Juvigo.\" \/>\n<meta name=\"robots\" content=\"index, follow, max-snippet:-1, max-image-preview:large, max-video-preview:-1\" \/>\n<link rel=\"canonical\" href=\"https:\/\/juvigo.es\/revista\/comentarios-socios\/\" \/>\n<meta property=\"og:locale\" content=\"es_ES\" \/>\n<meta property=\"og:type\" content=\"article\" \/>\n<meta property=\"og:title\" content=\"Nuestros socios comparten sus experiencias con Juvigo - Juvigo Revista\" \/>\n<meta property=\"og:description\" content=\"Descubre testimonios de nuestros socios colaboradores: experiencias profesionales, transparencia, comunicaci\u00f3n eficiente y calidad en Juvigo.\" \/>\n<meta property=\"og:url\" content=\"https:\/\/juvigo.es\/revista\/comentarios-socios\/\" \/>\n<meta property=\"og:site_name\" content=\"Revista Juvigo\" \/>\n<meta property=\"article:publisher\" content=\"https:\/\/de-de.facebook.com\/meinjuvigo\" \/>\n<meta property=\"article:modified_time\" content=\"2025-09-22T12:24:46+00:00\" \/>\n<meta property=\"og:image\" content=\"https:\/\/juvigo.es\/revista\/wp-content\/uploads\/2024\/06\/camping-4303357_1920.jpg\" \/>\n\t<meta property=\"og:image:width\" content=\"1920\" \/>\n\t<meta property=\"og:image:height\" content=\"1080\" \/>\n\t<meta property=\"og:image:type\" content=\"image\/jpeg\" \/>\n<meta name=\"twitter:card\" content=\"summary_large_image\" \/>\n<meta name=\"twitter:site\" content=\"@meinjuvigo\" \/>\n<meta name=\"twitter:label1\" content=\"Tiempo de lectura\" \/>\n\t<meta name=\"twitter:data1\" content=\"8 minutos\" \/>\n<script type=\"application\/ld+json\" class=\"yoast-schema-graph\">{\"@context\":\"https:\/\/schema.org\",\"@graph\":[{\"@type\":\"WebPage\",\"@id\":\"https:\/\/juvigo.es\/revista\/comentarios-socios\/\",\"url\":\"https:\/\/juvigo.es\/revista\/comentarios-socios\/\",\"name\":\"Nuestros socios comparten sus experiencias con Juvigo - Juvigo Revista\",\"isPartOf\":{\"@id\":\"https:\/\/juvigo.es\/revista\/#website\"},\"primaryImageOfPage\":{\"@id\":\"https:\/\/juvigo.es\/revista\/comentarios-socios\/#primaryimage\"},\"image\":{\"@id\":\"https:\/\/juvigo.es\/revista\/comentarios-socios\/#primaryimage\"},\"thumbnailUrl\":\"https:\/\/juvigo.es\/revista\/wp-content\/uploads\/2024\/06\/camping-4303357_1920.jpg\",\"datePublished\":\"2024-06-24T13:34:53+00:00\",\"dateModified\":\"2025-09-22T12:24:46+00:00\",\"description\":\"Descubre testimonios de nuestros socios colaboradores: experiencias profesionales, transparencia, comunicaci\u00f3n eficiente y calidad en Juvigo.\",\"breadcrumb\":{\"@id\":\"https:\/\/juvigo.es\/revista\/comentarios-socios\/#breadcrumb\"},\"inLanguage\":\"es\",\"potentialAction\":[{\"@type\":\"ReadAction\",\"target\":[\"https:\/\/juvigo.es\/revista\/comentarios-socios\/\"]}]},{\"@type\":\"ImageObject\",\"inLanguage\":\"es\",\"@id\":\"https:\/\/juvigo.es\/revista\/comentarios-socios\/#primaryimage\",\"url\":\"https:\/\/juvigo.es\/revista\/wp-content\/uploads\/2024\/06\/camping-4303357_1920.jpg\",\"contentUrl\":\"https:\/\/juvigo.es\/revista\/wp-content\/uploads\/2024\/06\/camping-4303357_1920.jpg\",\"width\":1920,\"height\":1080},{\"@type\":\"BreadcrumbList\",\"@id\":\"https:\/\/juvigo.es\/revista\/comentarios-socios\/#breadcrumb\",\"itemListElement\":[{\"@type\":\"ListItem\",\"position\":1,\"name\":\"Revista Juvigo\",\"item\":\"https:\/\/juvigo.es\/revista\/\"},{\"@type\":\"ListItem\",\"position\":2,\"name\":\"Nuestros socios comparten sus experiencias con Juvigo\"}]},{\"@type\":\"WebSite\",\"@id\":\"https:\/\/juvigo.es\/revista\/#website\",\"url\":\"https:\/\/juvigo.es\/revista\/\",\"name\":\"Revista Juvigo\",\"description\":\"Tu revista digital de campamentos de verano y viajes de idiomas para ni\u00f1os y j\u00f3venes\",\"publisher\":{\"@id\":\"https:\/\/juvigo.es\/revista\/#organization\"},\"potentialAction\":[{\"@type\":\"SearchAction\",\"target\":{\"@type\":\"EntryPoint\",\"urlTemplate\":\"https:\/\/juvigo.es\/revista\/?s={search_term_string}\"},\"query-input\":{\"@type\":\"PropertyValueSpecification\",\"valueRequired\":true,\"valueName\":\"search_term_string\"}}],\"inLanguage\":\"es\"},{\"@type\":\"Organization\",\"@id\":\"https:\/\/juvigo.es\/revista\/#organization\",\"name\":\"Juvigo GmbH\",\"url\":\"https:\/\/juvigo.es\/revista\/\",\"logo\":{\"@type\":\"ImageObject\",\"inLanguage\":\"es\",\"@id\":\"https:\/\/juvigo.es\/revista\/#\/schema\/logo\/image\/\",\"url\":\"https:\/\/juvigo.es\/revista\/wp-content\/uploads\/2022\/02\/magazine_logo_scaled.png\",\"contentUrl\":\"https:\/\/juvigo.es\/revista\/wp-content\/uploads\/2022\/02\/magazine_logo_scaled.png\",\"width\":240,\"height\":100,\"caption\":\"Juvigo GmbH\"},\"image\":{\"@id\":\"https:\/\/juvigo.es\/revista\/#\/schema\/logo\/image\/\"},\"sameAs\":[\"https:\/\/de-de.facebook.com\/meinjuvigo\",\"https:\/\/x.com\/meinjuvigo\",\"http:\/\/instagram.com\/juvigo_de\/\"]}]}<\/script>\n<!-- \/ Yoast SEO plugin. -->","yoast_head_json":{"title":"Nuestros socios comparten sus experiencias con Juvigo - Juvigo Revista","description":"Descubre testimonios de nuestros socios colaboradores: experiencias profesionales, transparencia, comunicaci\u00f3n eficiente y calidad en Juvigo.","robots":{"index":"index","follow":"follow","max-snippet":"max-snippet:-1","max-image-preview":"max-image-preview:large","max-video-preview":"max-video-preview:-1"},"canonical":"https:\/\/juvigo.es\/revista\/comentarios-socios\/","og_locale":"es_ES","og_type":"article","og_title":"Nuestros socios comparten sus experiencias con Juvigo - Juvigo Revista","og_description":"Descubre testimonios de nuestros socios colaboradores: experiencias profesionales, transparencia, comunicaci\u00f3n eficiente y calidad en Juvigo.","og_url":"https:\/\/juvigo.es\/revista\/comentarios-socios\/","og_site_name":"Revista Juvigo","article_publisher":"https:\/\/de-de.facebook.com\/meinjuvigo","article_modified_time":"2025-09-22T12:24:46+00:00","og_image":[{"width":1920,"height":1080,"url":"https:\/\/juvigo.es\/revista\/wp-content\/uploads\/2024\/06\/camping-4303357_1920.jpg","type":"image\/jpeg"}],"twitter_card":"summary_large_image","twitter_site":"@meinjuvigo","twitter_misc":{"Tiempo de lectura":"8 minutos"},"schema":{"@context":"https:\/\/schema.org","@graph":[{"@type":"WebPage","@id":"https:\/\/juvigo.es\/revista\/comentarios-socios\/","url":"https:\/\/juvigo.es\/revista\/comentarios-socios\/","name":"Nuestros socios comparten sus experiencias con Juvigo - Juvigo Revista","isPartOf":{"@id":"https:\/\/juvigo.es\/revista\/#website"},"primaryImageOfPage":{"@id":"https:\/\/juvigo.es\/revista\/comentarios-socios\/#primaryimage"},"image":{"@id":"https:\/\/juvigo.es\/revista\/comentarios-socios\/#primaryimage"},"thumbnailUrl":"https:\/\/juvigo.es\/revista\/wp-content\/uploads\/2024\/06\/camping-4303357_1920.jpg","datePublished":"2024-06-24T13:34:53+00:00","dateModified":"2025-09-22T12:24:46+00:00","description":"Descubre testimonios de nuestros socios colaboradores: experiencias profesionales, transparencia, comunicaci\u00f3n eficiente y calidad en Juvigo.","breadcrumb":{"@id":"https:\/\/juvigo.es\/revista\/comentarios-socios\/#breadcrumb"},"inLanguage":"es","potentialAction":[{"@type":"ReadAction","target":["https:\/\/juvigo.es\/revista\/comentarios-socios\/"]}]},{"@type":"ImageObject","inLanguage":"es","@id":"https:\/\/juvigo.es\/revista\/comentarios-socios\/#primaryimage","url":"https:\/\/juvigo.es\/revista\/wp-content\/uploads\/2024\/06\/camping-4303357_1920.jpg","contentUrl":"https:\/\/juvigo.es\/revista\/wp-content\/uploads\/2024\/06\/camping-4303357_1920.jpg","width":1920,"height":1080},{"@type":"BreadcrumbList","@id":"https:\/\/juvigo.es\/revista\/comentarios-socios\/#breadcrumb","itemListElement":[{"@type":"ListItem","position":1,"name":"Revista Juvigo","item":"https:\/\/juvigo.es\/revista\/"},{"@type":"ListItem","position":2,"name":"Nuestros socios comparten sus experiencias con Juvigo"}]},{"@type":"WebSite","@id":"https:\/\/juvigo.es\/revista\/#website","url":"https:\/\/juvigo.es\/revista\/","name":"Revista Juvigo","description":"Tu revista digital de campamentos de verano y viajes de idiomas para ni\u00f1os y j\u00f3venes","publisher":{"@id":"https:\/\/juvigo.es\/revista\/#organization"},"potentialAction":[{"@type":"SearchAction","target":{"@type":"EntryPoint","urlTemplate":"https:\/\/juvigo.es\/revista\/?s={search_term_string}"},"query-input":{"@type":"PropertyValueSpecification","valueRequired":true,"valueName":"search_term_string"}}],"inLanguage":"es"},{"@type":"Organization","@id":"https:\/\/juvigo.es\/revista\/#organization","name":"Juvigo GmbH","url":"https:\/\/juvigo.es\/revista\/","logo":{"@type":"ImageObject","inLanguage":"es","@id":"https:\/\/juvigo.es\/revista\/#\/schema\/logo\/image\/","url":"https:\/\/juvigo.es\/revista\/wp-content\/uploads\/2022\/02\/magazine_logo_scaled.png","contentUrl":"https:\/\/juvigo.es\/revista\/wp-content\/uploads\/2022\/02\/magazine_logo_scaled.png","width":240,"height":100,"caption":"Juvigo GmbH"},"image":{"@id":"https:\/\/juvigo.es\/revista\/#\/schema\/logo\/image\/"},"sameAs":["https:\/\/de-de.facebook.com\/meinjuvigo","https:\/\/x.com\/meinjuvigo","http:\/\/instagram.com\/juvigo_de\/"]}]}},"wps_subtitle":"","coauthors":[],"author_meta":{"author_link":"https:\/\/juvigo.es\/revista\/author\/max\/","display_name":"Max"},"relative_dates":{"created":"Publicado 2 a\u00f1os hace","modified":"Actualizado 7 meses hace"},"absolute_dates":{"created":"Publicado el 24 de junio de 2024","modified":"Actualizado el 22 de septiembre de 2025"},"absolute_dates_time":{"created":"Publicado el 24 de junio de 2024 15:34","modified":"Actualizado el 22 de septiembre de 2025 14:24"},"featured_img_caption":"","featured_img":"https:\/\/juvigo.es\/revista\/wp-content\/uploads\/2024\/06\/camping-4303357_1920.jpg","series_order":"","_links":{"self":[{"href":"https:\/\/juvigo.es\/revista\/wp-json\/wp\/v2\/pages\/8730","targetHints":{"allow":["GET"]}}],"collection":[{"href":"https:\/\/juvigo.es\/revista\/wp-json\/wp\/v2\/pages"}],"about":[{"href":"https:\/\/juvigo.es\/revista\/wp-json\/wp\/v2\/types\/page"}],"author":[{"embeddable":true,"href":"https:\/\/juvigo.es\/revista\/wp-json\/wp\/v2\/users\/3"}],"replies":[{"embeddable":true,"href":"https:\/\/juvigo.es\/revista\/wp-json\/wp\/v2\/comments?post=8730"}],"version-history":[{"count":12,"href":"https:\/\/juvigo.es\/revista\/wp-json\/wp\/v2\/pages\/8730\/revisions"}],"predecessor-version":[{"id":10083,"href":"https:\/\/juvigo.es\/revista\/wp-json\/wp\/v2\/pages\/8730\/revisions\/10083"}],"wp:featuredmedia":[{"embeddable":true,"href":"https:\/\/juvigo.es\/revista\/wp-json\/wp\/v2\/media\/8655"}],"wp:attachment":[{"href":"https:\/\/juvigo.es\/revista\/wp-json\/wp\/v2\/media?parent=8730"}],"wp:term":[{"taxonomy":"category","embeddable":true,"href":"https:\/\/juvigo.es\/revista\/wp-json\/wp\/v2\/categories?post=8730"},{"taxonomy":"post_tag","embeddable":true,"href":"https:\/\/juvigo.es\/revista\/wp-json\/wp\/v2\/tags?post=8730"}],"curies":[{"name":"wp","href":"https:\/\/api.w.org\/{rel}","templated":true}]}}